{"id":3244,"date":"2018-11-05T12:13:48","date_gmt":"2018-11-05T11:13:48","guid":{"rendered":"https:\/\/www.iqh-institut.de\/?page_id=3244"},"modified":"2026-04-21T12:45:52","modified_gmt":"2026-04-21T10:45:52","slug":"bildung","status":"publish","type":"page","link":"https:\/\/www.iqh-institut.de\/sk\/bildung\/","title":{"rendered":"Vzdel\u00e1vanie"},"content":{"rendered":"<p>[et_pb_section fb_built=&#8221;1&#8243; _builder_version=&#8221;4.16&#8243; global_colors_info=&#8221;{}&#8221;][et_pb_row _builder_version=&#8221;4.16&#8243; background_size=&#8221;initial&#8221; background_position=&#8221;top_left&#8221; background_repeat=&#8221;repeat&#8221; global_colors_info=&#8221;{}&#8221;][et_pb_column type=&#8221;4_4&#8243; _builder_version=&#8221;4.16&#8243; custom_padding=&#8221;|||&#8221; global_colors_info=&#8221;{}&#8221; custom_padding__hover=&#8221;|||&#8221;][et_pb_text admin_label=&#8221;Text h1: Bildung&#8221; _builder_version=&#8221;4.16&#8243; global_colors_info=&#8221;{}&#8221;]<\/p>\n<h1>Vzdel\u00e1vanie<\/h1>\n<p>[\/et_pb_text][et_pb_text admin_label=&#8221;Text: Beschreibung&#8221; _builder_version=&#8221;4.16&#8243; global_colors_info=&#8221;{}&#8221;]In der Fort- und Weiterbildung konzentriert sich das IQH auf Zielgruppen, die direkt oder indirekt an der Erbringung von Pflege- und Betreuungsdienstleistungen in der h\u00e4uslichen Versorgung beteiligt sind. Das IQH<\/p>\n<ul>\n<li>navrhuje, pred\u00e1va a organizuje ponuky platen\u00fdch a bezplatn\u00fdch \u0161kolen\u00ed a \u010fal\u0161ieho vzdel\u00e1vania<\/li>\n<li>je zameran\u00fd na opatrovate\u013eov, registrovan\u00e9 a neregistrovan\u00e9 zdravotn\u00e9 sestry, dobrovo\u013en\u00edkov, pr\u00edbuzn\u00fdch a t\u00fdch, ktor\u00fdch sa starostlivos\u0165 t\u00fdka<\/li>\n<li>vyv\u00edja nov\u00e9 vzdel\u00e1vacie form\u00e1ty (zmie\u0161an\u00e9 vzdel\u00e1vanie) pomocou digit\u00e1lnych technol\u00f3gi\u00ed a umelej inteligencie<\/li>\n<\/ul>\n<p>[\/et_pb_text][\/et_pb_column][\/et_pb_row][\/et_pb_section][et_pb_section fb_built=&#8221;1&#8243; _builder_version=&#8221;4.16&#8243; global_colors_info=&#8221;{}&#8221;][et_pb_row _builder_version=&#8221;4.16&#8243; background_size=&#8221;initial&#8221; background_position=&#8221;top_left&#8221; background_repeat=&#8221;repeat&#8221; custom_padding=&#8221;||7px|||&#8221; global_colors_info=&#8221;{}&#8221;][et_pb_column type=&#8221;4_4&#8243; _builder_version=&#8221;4.16&#8243; custom_padding=&#8221;|||&#8221; global_colors_info=&#8221;{}&#8221; custom_padding__hover=&#8221;|||&#8221;][et_pb_text admin_label=&#8221;Text h2: Aktuelle Bildungsangebote&#8221; _builder_version=&#8221;4.16&#8243; global_colors_info=&#8221;{}&#8221;]<\/p>\n<h2>Aktu\u00e1lne vzdel\u00e1vacie programy a miesta<\/h2>\n<p>[\/et_pb_text][\/et_pb_column][\/et_pb_row][et_pb_row _builder_version=&#8221;4.16&#8243; background_size=&#8221;initial&#8221; background_position=&#8221;top_left&#8221; background_repeat=&#8221;repeat&#8221; global_colors_info=&#8221;{}&#8221;][et_pb_column type=&#8221;4_4&#8243; _builder_version=&#8221;4.16&#8243; custom_padding=&#8221;|||&#8221; global_colors_info=&#8221;{}&#8221; custom_padding__hover=&#8221;|||&#8221;][et_pb_text admin_label=&#8221;Text: Beschreibung&#8221; _builder_version=&#8221;4.19.2&#8243; global_colors_info=&#8221;{}&#8221;]<\/p>\n<p>Na\u0161e kurzy je mo\u017en\u00e9 organizova\u0165 decentralizovane s pomocou siln\u00fdch partnerov. Na po\u017eiadanie v\u00e1m m\u00f4\u017eeme poskytn\u00fa\u0165 koncepciu na mieru.<br \/>\u0160kolenia na mieste je mo\u017en\u00e9 zorganizova\u0165 u v\u00e1s alebo v jednom z na\u0161ich \u0161koliacich stred\u00edsk, pri\u010dom je potrebn\u00e9 dodr\u017ea\u0165 minim\u00e1lny po\u010det \u00fa\u010dastn\u00edkov alebo poplatok. V s\u00fa\u010dasnosti m\u00e1me k dispoz\u00edcii \u0161koliace zariadenia prostredn\u00edctvom na\u0161ej partnerskej siete v Saarbr\u00fcckene, \u0160lezvicku-Hol\u0161tajnsku (pri Rendsburgu), pri Stuttgarte, Brandenburgu (Teltow-Fl\u00e4ming), Bonne, Berl\u00edne alebo Augsburgu. V pr\u00edpade va\u0161ich individu\u00e1lnych po\u017eiadaviek na \u0161kolenie n\u00e1s pros\u00edm kontaktujte.<\/p>\n<p>[\/et_pb_text][et_pb_text admin_label=&#8221;Text h3: F\u00fchrungskr\u00e4fteentwicklung&#8221; _builder_version=&#8221;4.16&#8243; global_colors_info=&#8221;{}&#8221;]<\/p>\n<h3>\u010eal\u0161ie \u0161kolenia pre mana\u017e\u00e9rov na posilnenie kompatibility rodiny a pr\u00e1ce v starostlivosti<\/h3>\n<p>[\/et_pb_text][et_pb_text admin_label=&#8221;Text: F\u00fchrungskr\u00e4fteentwicklung&#8221; _builder_version=&#8221;4.16&#8243; global_colors_info=&#8221;{}&#8221;]<\/p>\n<p><strong>Cie\u013eov\u00e1 skupina:<\/strong><\/p>\n<p>Mana\u017ement a ved\u00faci pracovn\u00edci v zariadeniach ambulantnej a \u00fastavnej starostlivosti v S\u00e1rsku<\/p>\n<p><strong>Z\u00e1kazn\u00edk:\u00a0<\/strong><\/p>\n<p>Program rozvoja mana\u017ementu vykon\u00e1va BAGSS v spolupr\u00e1ci s IQH v mene ministerstva soci\u00e1lnych vec\u00ed, zdravia, \u017eien a rodiny v S\u00e1rsku.<\/p>\n<p><strong>Celkov\u00fdm cie\u013eom tr\u00e9ningov\u00e9ho programu je:<\/strong><\/p>\n<ol>\n<li>zv\u00fd\u0161i\u0165 citlivos\u0165 \u00fa\u010dastn\u00edkov na \u0161peci\u00e1lne v\u00fdzvy zos\u00faladenia rodiny a pr\u00e1ce (VvFuB) v starostlivosti<\/li>\n<li>umo\u017eni\u0165 \u00fa\u010dastn\u00edkom rozpozna\u0165 potrebu kona\u0165 vo vlastnej spolo\u010dnosti s oh\u013eadom na kompatibilitu rodiny a pr\u00e1ce (VvFuB).<\/li>\n<li>predstavi\u0165 \u00fa\u010dastn\u00edkom osved\u010den\u00e9 postupy z in\u00fdch organiz\u00e1ci\u00ed a poskytn\u00fa\u0165 konkr\u00e9tne opatrenia a n\u00e1stroje na realiz\u00e1ciu zmien vo vlastnej spolo\u010dnosti<\/li>\n<li>umo\u017eni\u0165 \u00fa\u010dastn\u00edkom zv\u00fd\u0161i\u0165 atraktivitu svojej firmy ako zamestn\u00e1vate\u013ea v starostlivosti o s\u00fa\u010dasn\u00fdch a bud\u00facich zamestnancov<\/li>\n<\/ol>\n<p><strong>Postup a form\u00e1t:<\/strong><\/p>\n<p>Tieto ciele sa dosahuj\u00fa absolvovan\u00edm nasleduj\u00facich trojd\u0148ov\u00fdch modulov, ktor\u00e9 sprostredkuj\u00fa prakticky orientovan\u00e9 a konkr\u00e9tne pou\u017eite\u013en\u00e9 n\u00e1stroje a met\u00f3dy. Ka\u017ed\u00fd modul trv\u00e1 pol d\u0148a, aby umo\u017enil \u00fa\u010dastn\u00edkom spoji\u0165 \u010fal\u0161ie vzdel\u00e1vanie a pr\u00e1cu.<\/p>\n<ul>\n<li>Modul organiz\u00e1cie a person\u00e1lneho nasadenia (zodpovednos\u0165 modulu: Prof. Dr. Arne Petermann)<\/li>\n<li>Motiv\u00e1cia a vedenie modulu (zodpovednos\u0165 za modul: Prof. Dr. Franz Lorenz)<\/li>\n<li>Modul podnikovej kult\u00fary (zodpovednos\u0165 modulu: Prof. Dr. Franz Lorenz)<\/li>\n<li>Modul n\u00e1boru a udr\u017eania person\u00e1lu (zodpovednos\u0165 modulu: Prof. Dr. Arne Petermann)<\/li>\n<li>Modul anal\u00fdza a rozvoj osobnosti (zodpovednos\u0165 modulu: Prof. Dr. Franz Lorenz)<\/li>\n<\/ul>\n<p>Koncepciu a zabezpe\u010denie kvality vzdel\u00e1vac\u00edch kurzov vypracovala Berufsakademie f\u00fcr Gesundheits- und Sozialwesen Saarland (BAGSS, <a href=\"http:\/\/www.bagss.de\">www.bagss.de<\/a> ) v spolupr\u00e1ci s In\u0161tit\u00fatom pre kvalitu a inov\u00e1cie v dom\u00e1cej starostlivosti gGmbH (IQH, <a href=\"https:\/\/www.iqh-institut.de\">www.iqh-institut.de<\/a> ) pod veden\u00edm Prof. Dr. Arne Petermann si uvedomil.<\/p>\n<p>Zamestnan\u00ed lektori, ktor\u00ed sa maj\u00fa z\u00edskava\u0165 predov\u0161etk\u00fdm z o\u0161etrovate\u013eskej praxe v S\u00e1rsku az existuj\u00facej praxe \u010fal\u0161ieho vzdel\u00e1vania, s\u00fa sk\u00fasen\u00ed lektori a \u0161kolitelia s preuk\u00e1zanou vedeckou a\/alebo praktickou odbornos\u0165ou v pr\u00edslu\u0161nej oblasti v\u00fdu\u010dby a relevantn\u00fdmi referenciami v \u010fal\u0161om vzdel\u00e1van\u00ed dospel\u00fdch. Dr. Arne Peterman.<\/p>\n<p>Prof. Petermann sa \u0161pecializuje na praktick\u00e9 mana\u017e\u00e9rske \u0161kolenia ako s\u00fa\u010das\u0165 extern\u00e9ho mana\u017e\u00e9rskeho vzdel\u00e1vania. Okrem in\u00e9ho pomohol vypracova\u0165 a prakticky vyu\u010dova\u0165 program \u010fal\u0161ieho vzdel\u00e1vania pre 120 mana\u017e\u00e9rov pre nemeck\u00fd \u010cerven\u00fd kr\u00ed\u017e. Ako zakladate\u013e a akcion\u00e1r viacer\u00fdch spolo\u010dnost\u00ed (vr\u00e1tane Linara GmbH, 3P Projects GmbH) p\u00f4sob\u00ed u\u017e viac ako 10 rokov v oblastiach mana\u017e\u00e9rskeho vzdel\u00e1vania, najm\u00e4 so zameran\u00edm na v\u00fdber person\u00e1lu, person\u00e1lny mana\u017ement, person\u00e1lny rozvoj, vedenie, projekt mana\u017ement a organiza\u010dn\u00fd rozvoj. V rokoch 2013-2017 viedol kurz \u201eMana\u017ement v zdravotn\u00edckych organiz\u00e1ci\u00e1ch\u201c na BAGSS, kde je dodnes riadnou profes\u00farou pre Mana\u017ement v zdravotn\u00edckych a soci\u00e1lnych organiz\u00e1ci\u00e1ch.<\/p>\n<p>[\/et_pb_text][\/et_pb_column][\/et_pb_row][et_pb_row _builder_version=&#8221;4.16&#8243; background_size=&#8221;initial&#8221; background_position=&#8221;top_left&#8221; background_repeat=&#8221;repeat&#8221; global_colors_info=&#8221;{}&#8221;][et_pb_column type=&#8221;4_4&#8243; _builder_version=&#8221;4.16&#8243; custom_padding=&#8221;|||&#8221; global_colors_info=&#8221;{}&#8221; custom_padding__hover=&#8221;|||&#8221;][et_pb_text admin_label=&#8221;Text h3: Betreuungskraft ihG&#8221; _builder_version=&#8221;4.16&#8243; min_height=&#8221;64px&#8221; global_colors_info=&#8221;{}&#8221;]<\/p>\n<h3>\u010eal\u0161ie vzdel\u00e1vanie ako \"opatrovate\u013e pod\u013ea \u00a7\u00a7 43b, 45a a b, 53b SGB XI\"<\/h3>\n<p>[\/et_pb_text][et_pb_text admin_label=&#8221;Text: Betreuungskraft ihG&#8221; _builder_version=&#8221;4.16&#8243; global_colors_info=&#8221;{}&#8221;]<\/p>\n<p>Kvalifik\u00e1cia opatrovate\u013eov v s\u00falade s kvalifika\u010dn\u00fdmi odpor\u00fa\u010daniami Bundesverband f\u00fcr h\u00e4usliche Betreuung und Pflege e.V. a GKV Spitzenverband v s\u00falade s \u00a7\u00a7 43b, 45a\/b a 53b SGB XI. Kurz je akreditovan\u00fd Registrierungsstelle beruflich Pflegender so 40 bodmi \u010fal\u0161ieho vzdel\u00e1vania opatrovate\u013eov.<\/p>\n<p>K stiahnutiu: <a title=\"Ved\u00faci kurikula IQH ihG\" href=\"https:\/\/www.iqh-institut.de\/wp-content\/uploads\/2024\/10\/2024-07-23%20IQH%20Curriculum_Betreuungskraft%20nach%20%C2%A7%C2%A7%2043b%2045a%2Cb%2053b%20SGB%20XI.pdf\" target=\"_blank\" rel=\"attachment wp-att-4818 noopener noreferrer\">u\u010debn\u00fdch osnov<\/a><\/p>\n<p>Form\u00e1t: du\u00e1lna odborn\u00e1 pr\u00edprava s teoretick\u00fdmi a praktick\u00fdmi modulmi\u00a0<\/p>\n<p>Rozsah: 160 jednotiek te\u00f3rie a 320 hod\u00edn praxe, mo\u017eno absolvova\u0165 len v spolupr\u00e1ci s partnerom z o\u0161etrovate\u013eskej praxe<\/p>\n<p>\u0160tart: Mo\u017en\u00e9 kedyko\u013evek<\/p>\n<p>Poplatok za kurz: 600 EUR na \u00fa\u010dastn\u00edka (ak by ste chceli prediskutova\u0165 skupinov\u00e9 podmienky pre v\u00e4\u010d\u0161\u00ed po\u010det \u00fa\u010dastn\u00edkov, kontaktujte n\u00e1s)<\/p>\n<p>[\/et_pb_text][\/et_pb_column][\/et_pb_row][et_pb_row _builder_version=&#8221;4.16&#8243; background_size=&#8221;initial&#8221; background_position=&#8221;top_left&#8221; background_repeat=&#8221;repeat&#8221; global_colors_info=&#8221;{}&#8221;][et_pb_column type=&#8221;4_4&#8243; _builder_version=&#8221;4.16&#8243; custom_padding=&#8221;|||&#8221; global_colors_info=&#8221;{}&#8221; custom_padding__hover=&#8221;|||&#8221;][et_pb_text admin_label=&#8221;Text h3: Fachberater&#8221; _builder_version=&#8221;4.16&#8243; min_height=&#8221;77px&#8221; global_colors_info=&#8221;{}&#8221;]<\/p>\n<h3>\u010eal\u0161ie vzdel\u00e1vanie ako \"opatrovate\u013e pod\u013ea \u00a7\u00a7 43b, 45a a b, 53b SGB XI\"<\/h3>\n<h3>vr\u00e1tane pokro\u010dil\u00e9ho modulu o poradensk\u00fdch zru\u010dnostiach na zmiernenie z\u00e1\u0165a\u017ee rodinn\u00fdch opatrovate\u013eov v s\u00falade s \u00a7 45a ods. 1 \u010d. 2<\/h3>\n<p>[\/et_pb_text][et_pb_text admin_label=&#8221;Text: Fachberater&#8221; _builder_version=&#8221;4.16&#8243; global_colors_info=&#8221;{}&#8221;]<\/p>\n<p>Pre \u013eud\u00ed zapojen\u00fdch do vzdel\u00e1vania t\u00fdch, ktor\u00ed potrebuj\u00fa starostlivos\u0165 a ich pr\u00edbuzn\u00fdch, ktor\u00ed s\u00fa akt\u00edvni ako poradcovia v oblasti opatrovate\u013esk\u00fdch a podporn\u00fdch slu\u017eieb v dom\u00e1cej starostlivosti a najm\u00e4 v oblasti koncepci\u00ed starostlivosti v dom\u00e1cej komunite (BihG).<\/p>\n<p>K stiahnutiu: <a title=\"IQH Curriculum Consultant ihG\" href=\"https:\/\/www.iqh-institut.de\/wp-content\/uploads\/2026\/04\/2026-04-21%20IQH%20Curriculum_Betreuungskraft%20nach%20%C2%A7%C2%A7%2043b%2045a%2Cb%2053b%20SGB%20XI%20Brandenburg%20mit%20Zusatzmodul%20Beratungskompetenz.pdf\" target=\"_blank\" rel=\"attachment wp-att-4817 noopener noreferrer\">u\u010debn\u00fdch osnov<\/a><\/p>\n<p>Form\u00e1t: du\u00e1lna odborn\u00e1 pr\u00edprava s teoretick\u00fdmi a praktick\u00fdmi modulmi\u00a0<\/p>\n<p>Rozsah: 170 teoretick\u00fdch jednotiek a 320 hod\u00edn praxe, mo\u017eno absolvova\u0165 len v spolupr\u00e1ci s partnerom z o\u0161etrovate\u013eskej praxe<\/p>\n<p>\u0160tart: Mo\u017en\u00e9 kedyko\u013evek<\/p>\n<p>Poplatok za kurz: 740 EUR na \u00fa\u010dastn\u00edka (ak by ste chceli prediskutova\u0165 skupinov\u00e9 podmienky pre v\u00e4\u010d\u0161\u00ed po\u010det \u00fa\u010dastn\u00edkov, kontaktujte n\u00e1s)<\/p>\n<p>[\/et_pb_text][\/et_pb_column][\/et_pb_row][et_pb_row _builder_version=&#8221;4.16&#8243; background_size=&#8221;initial&#8221; background_position=&#8221;top_left&#8221; background_repeat=&#8221;repeat&#8221; global_colors_info=&#8221;{}&#8221;][et_pb_column type=&#8221;4_4&#8243; _builder_version=&#8221;4.16&#8243; custom_padding=&#8221;|||&#8221; global_colors_info=&#8221;{}&#8221; custom_padding__hover=&#8221;|||&#8221;][et_pb_text admin_label=&#8221;Text h3: Fachkraft 2&#8243; _builder_version=&#8221;4.16&#8243; min_height=&#8221;58px&#8221; global_colors_info=&#8221;{}&#8221;]<\/p>\n<h3>\u010eal\u0161ie vzdel\u00e1vanie, aby ste sa stali \u201eodborn\u00edkom na dom\u00e1cu starostlivos\u0165\u201c (certifikovan\u00e9 IQH)<\/h3>\n<p>[\/et_pb_text][et_pb_text admin_label=&#8221;Text: Fachkraft 2&#8243; _builder_version=&#8221;4.16&#8243; global_colors_info=&#8221;{}&#8221;]<\/p>\n<p>Pre \u013eud\u00ed pracuj\u00facich v dom\u00e1cej starostlivosti a podpore, ktor\u00ed napr\u00edklad pracuj\u00fa ako zamestnanci v opatrovate\u013eskej slu\u017ebe alebo podpornej slu\u017ebe a vykon\u00e1vaj\u00fa \u010dinnosti v oblasti pomoci v dom\u00e1cnosti, podpory a z\u00e1kladnej starostlivosti o star\u00fdch, chor\u00fdch a zdravotne postihnut\u00fdch \u013eud\u00ed v s\u00falade so SGB XI.<\/p>\n<p>Rozsah: 600 hod\u00edn (z toho 80 hod\u00edn te\u00f3rie a 520 hod\u00edn praxe, mo\u017eno absolvova\u0165 len v spolupr\u00e1ci s partnerom z o\u0161etrovate\u013eskej praxe)<\/p>\n<p>N\u00e1stup: mo\u017en\u00fd kedyko\u013evek<\/p>\n<p>Poplatok za kurz: 600 EUR na \u00fa\u010dastn\u00edka (ak by ste chceli prediskutova\u0165 skupinov\u00e9 podmienky pre v\u00e4\u010d\u0161\u00ed po\u010det \u00fa\u010dastn\u00edkov, kontaktujte n\u00e1s)<\/p>\n<p>[\/et_pb_text][\/et_pb_column][\/et_pb_row][\/et_pb_section]<\/p>","protected":false},"excerpt":{"rendered":"<p>Bildung In der Fort- und Weiterbildung konzentriert sich das IQH auf Zielgruppen, die direkt oder indirekt an der Erbringung von Pflege- und Betreuungsdienstleistungen in der h\u00e4uslichen Versorgung beteiligt sind. Das IQH konzipiert, vertreibt und organisiert entgeltliche und unentgeltliche Fort- und Weiterbildungsangebote wendet sich an Betreuungspersonen, examinierte und nicht-examinierte Pflegekr\u00e4fte, Ehrenamtliche, Angeh\u00f6rige und Pflegebetroffene entwickelt daf\u00fcr [&hellip;]<\/p>","protected":false},"author":2,"featured_media":0,"parent":0,"menu_order":0,"comment_status":"closed","ping_status":"closed","template":"","meta":{"_et_pb_use_builder":"on","_et_pb_old_content":"","_et_gb_content_width":""},"acf":[],"yoast_head":"<!-- This site is optimized with the Yoast SEO plugin v20.5 - https:\/\/yoast.com\/wordpress\/plugins\/seo\/ -->\n<title>Bildung - IQH Institut<\/title>\n<meta name=\"robots\" content=\"index, follow, max-snippet:-1, max-image-preview:large, max-video-preview:-1\" \/>\n<link rel=\"canonical\" href=\"https:\/\/www.iqh-institut.de\/sk\/bildung\/\" \/>\n<meta property=\"og:locale\" content=\"sk_SK\" \/>\n<meta property=\"og:type\" content=\"article\" \/>\n<meta property=\"og:title\" content=\"Bildung - IQH Institut\" \/>\n<meta property=\"og:description\" content=\"Bildung In der Fort- und Weiterbildung konzentriert sich das IQH auf Zielgruppen, die direkt oder indirekt an der Erbringung von Pflege- und Betreuungsdienstleistungen in der h\u00e4uslichen Versorgung beteiligt sind. Das IQH konzipiert, vertreibt und organisiert entgeltliche und unentgeltliche Fort- und Weiterbildungsangebote wendet sich an Betreuungspersonen, examinierte und nicht-examinierte Pflegekr\u00e4fte, Ehrenamtliche, Angeh\u00f6rige und Pflegebetroffene entwickelt daf\u00fcr [&hellip;]\" \/>\n<meta property=\"og:url\" content=\"https:\/\/www.iqh-institut.de\/sk\/bildung\/\" \/>\n<meta property=\"og:site_name\" content=\"IQH Institut\" \/>\n<meta property=\"article:modified_time\" content=\"2026-04-21T10:45:52+00:00\" \/>\n<meta name=\"twitter:card\" content=\"summary_large_image\" \/>\n<meta name=\"twitter:label1\" content=\"Est. reading time\" \/>\n\t<meta name=\"twitter:data1\" content=\"7 min\u00fat\" \/>\n<script type=\"application\/ld+json\" class=\"yoast-schema-graph\">{\"@context\":\"https:\/\/schema.org\",\"@graph\":[{\"@type\":\"WebPage\",\"@id\":\"https:\/\/www.iqh-institut.de\/bildung\/\",\"url\":\"https:\/\/www.iqh-institut.de\/bildung\/\",\"name\":\"Bildung - IQH Institut\",\"isPartOf\":{\"@id\":\"https:\/\/www.iqh-institut.de\/#website\"},\"datePublished\":\"2018-11-05T11:13:48+00:00\",\"dateModified\":\"2026-04-21T10:45:52+00:00\",\"breadcrumb\":{\"@id\":\"https:\/\/www.iqh-institut.de\/bildung\/#breadcrumb\"},\"inLanguage\":\"sk-SK\",\"potentialAction\":[{\"@type\":\"ReadAction\",\"target\":[\"https:\/\/www.iqh-institut.de\/bildung\/\"]}]},{\"@type\":\"BreadcrumbList\",\"@id\":\"https:\/\/www.iqh-institut.de\/bildung\/#breadcrumb\",\"itemListElement\":[{\"@type\":\"ListItem\",\"position\":1,\"name\":\"Startseite\",\"item\":\"https:\/\/www.iqh-institut.de\/\"},{\"@type\":\"ListItem\",\"position\":2,\"name\":\"Bildung\"}]},{\"@type\":\"WebSite\",\"@id\":\"https:\/\/www.iqh-institut.de\/#website\",\"url\":\"https:\/\/www.iqh-institut.de\/\",\"name\":\"IQH Institut\",\"description\":\"Internationale Akademie f\u00fcr Betreuung und Pflege\",\"publisher\":{\"@id\":\"https:\/\/www.iqh-institut.de\/#organization\"},\"potentialAction\":[{\"@type\":\"SearchAction\",\"target\":{\"@type\":\"EntryPoint\",\"urlTemplate\":\"https:\/\/www.iqh-institut.de\/?s={search_term_string}\"},\"query-input\":\"required name=search_term_string\"}],\"inLanguage\":\"sk-SK\"},{\"@type\":\"Organization\",\"@id\":\"https:\/\/www.iqh-institut.de\/#organization\",\"name\":\"IABP\",\"url\":\"https:\/\/www.iqh-institut.de\/\",\"logo\":{\"@type\":\"ImageObject\",\"inLanguage\":\"sk-SK\",\"@id\":\"https:\/\/www.iqh-institut.de\/#\/schema\/logo\/image\/\",\"url\":\"https:\/\/www.iqh-institut.de\/wp-content\/uploads\/2017\/03\/logo-1.jpg\",\"contentUrl\":\"https:\/\/www.iqh-institut.de\/wp-content\/uploads\/2017\/03\/logo-1.jpg\",\"width\":1500,\"height\":1500,\"caption\":\"IABP\"},\"image\":{\"@id\":\"https:\/\/www.iqh-institut.de\/#\/schema\/logo\/image\/\"}}]}<\/script>\n<!-- \/ Yoast SEO plugin. -->","yoast_head_json":{"title":"Vzdelanie - IQH Institute","robots":{"index":"index","follow":"follow","max-snippet":"max-snippet:-1","max-image-preview":"max-image-preview:large","max-video-preview":"max-video-preview:-1"},"canonical":"https:\/\/www.iqh-institut.de\/sk\/bildung\/","og_locale":"sk_SK","og_type":"article","og_title":"Bildung - IQH Institut","og_description":"Bildung In der Fort- und Weiterbildung konzentriert sich das IQH auf Zielgruppen, die direkt oder indirekt an der Erbringung von Pflege- und Betreuungsdienstleistungen in der h\u00e4uslichen Versorgung beteiligt sind. Das IQH konzipiert, vertreibt und organisiert entgeltliche und unentgeltliche Fort- und Weiterbildungsangebote wendet sich an Betreuungspersonen, examinierte und nicht-examinierte Pflegekr\u00e4fte, Ehrenamtliche, Angeh\u00f6rige und Pflegebetroffene entwickelt daf\u00fcr [&hellip;]","og_url":"https:\/\/www.iqh-institut.de\/sk\/bildung\/","og_site_name":"IQH Institut","article_modified_time":"2026-04-21T10:45:52+00:00","twitter_card":"summary_large_image","twitter_misc":{"Est. reading time":"7 min\u00fat"},"schema":{"@context":"https:\/\/schema.org","@graph":[{"@type":"WebPage","@id":"https:\/\/www.iqh-institut.de\/bildung\/","url":"https:\/\/www.iqh-institut.de\/bildung\/","name":"Vzdelanie - IQH Institute","isPartOf":{"@id":"https:\/\/www.iqh-institut.de\/#website"},"datePublished":"2018-11-05T11:13:48+00:00","dateModified":"2026-04-21T10:45:52+00:00","breadcrumb":{"@id":"https:\/\/www.iqh-institut.de\/bildung\/#breadcrumb"},"inLanguage":"sk-SK","potentialAction":[{"@type":"ReadAction","target":["https:\/\/www.iqh-institut.de\/bildung\/"]}]},{"@type":"BreadcrumbList","@id":"https:\/\/www.iqh-institut.de\/bildung\/#breadcrumb","itemListElement":[{"@type":"ListItem","position":1,"name":"Startseite","item":"https:\/\/www.iqh-institut.de\/"},{"@type":"ListItem","position":2,"name":"Bildung"}]},{"@type":"WebSite","@id":"https:\/\/www.iqh-institut.de\/#website","url":"https:\/\/www.iqh-institut.de\/","name":"In\u0161tit\u00fat IQH","description":"Medzin\u00e1rodn\u00e1 akad\u00e9mia pre starostlivos\u0165 a o\u0161etrovate\u013estvo","publisher":{"@id":"https:\/\/www.iqh-institut.de\/#organization"},"potentialAction":[{"@type":"SearchAction","target":{"@type":"EntryPoint","urlTemplate":"https:\/\/www.iqh-institut.de\/?s={search_term_string}"},"query-input":"required name=search_term_string"}],"inLanguage":"sk-SK"},{"@type":"Organization","@id":"https:\/\/www.iqh-institut.de\/#organization","name":"IABP","url":"https:\/\/www.iqh-institut.de\/","logo":{"@type":"ImageObject","inLanguage":"sk-SK","@id":"https:\/\/www.iqh-institut.de\/#\/schema\/logo\/image\/","url":"https:\/\/www.iqh-institut.de\/wp-content\/uploads\/2017\/03\/logo-1.jpg","contentUrl":"https:\/\/www.iqh-institut.de\/wp-content\/uploads\/2017\/03\/logo-1.jpg","width":1500,"height":1500,"caption":"IABP"},"image":{"@id":"https:\/\/www.iqh-institut.de\/#\/schema\/logo\/image\/"}}]}},"lang":"de","translations":{"de":3244},"_links":{"self":[{"href":"https:\/\/www.iqh-institut.de\/sk\/wp-json\/wp\/v2\/pages\/3244"}],"collection":[{"href":"https:\/\/www.iqh-institut.de\/sk\/wp-json\/wp\/v2\/pages"}],"about":[{"href":"https:\/\/www.iqh-institut.de\/sk\/wp-json\/wp\/v2\/types\/page"}],"author":[{"embeddable":true,"href":"https:\/\/www.iqh-institut.de\/sk\/wp-json\/wp\/v2\/users\/2"}],"replies":[{"embeddable":true,"href":"https:\/\/www.iqh-institut.de\/sk\/wp-json\/wp\/v2\/comments?post=3244"}],"version-history":[{"count":22,"href":"https:\/\/www.iqh-institut.de\/sk\/wp-json\/wp\/v2\/pages\/3244\/revisions"}],"predecessor-version":[{"id":12274,"href":"https:\/\/www.iqh-institut.de\/sk\/wp-json\/wp\/v2\/pages\/3244\/revisions\/12274"}],"wp:attachment":[{"href":"https:\/\/www.iqh-institut.de\/sk\/wp-json\/wp\/v2\/media?parent=3244"}],"curies":[{"name":"wp","href":"https:\/\/api.w.org\/{rel}","templated":true}]}}