{"id":4,"date":"2017-03-07T11:32:13","date_gmt":"2017-03-07T10:32:13","guid":{"rendered":"https:\/\/www.iqh-institut.de\/?page_id=4"},"modified":"2025-07-03T13:51:31","modified_gmt":"2025-07-03T11:51:31","slug":"impressum","status":"publish","type":"page","link":"https:\/\/www.iqh-institut.de\/hu\/impressum\/","title":{"rendered":"impresszum"},"content":{"rendered":"<p>Institute for Quality and Innovation in Home Care gGmbH (IQH)<br \/>\nPaul-Langen-Str. 46<br \/>\n53229 Bonn<br \/>\nFrederic Seebohm \u00fcgyvezet\u0151 igazgat\u00f3 k\u00e9pviseli (kapcsolat: geschaeftsfuehrung@iqh-institut.de)<\/p>\n<p>Felel\u0151s fel\u00fcgyeleti hat\u00f3s\u00e1g: Saarb\u00fccken ad\u00f3hivatal<\/p>\n<p><strong>A TMG 5. \u00a7-a szerint:<\/strong><br \/>\nInstitute for Quality and Innovation in Home Care gGmbH (IQH)<br \/>\nPaul-Langen-Str. 46<br \/>\n53229 Bonn<\/p>\n<p><strong>K\u00e9pviseli:<\/strong><br \/>\nFrederic Seebohm<\/p>\n<p><strong>Kapcsolatba l\u00e9pni<\/strong><br \/>\nE-mail: info@iqh-institut.de<\/p>\n<p><strong>Regisztr\u00e1ci\u00f3s bejegyz\u00e9s:<\/strong><br \/>\nNyilv\u00e1ntart\u00f3 b\u00edr\u00f3s\u00e1g Bonn<br \/>\nNyilv\u00e1ntart\u00e1si sz\u00e1m: HRB 29776<\/p>\n<p><strong>A tartalom\u00e9rt az RStV 55 Abs. 2 \u00a7-a szerint felel\u0151s:<\/strong><br \/>\nInstitute for Quality and Innovation in Home Care gGmbH (IQH)<br \/>\nPaul-Langen-Str. 46<br \/>\n53229 Bonn<br \/>\nFrederic Seebohm \u00fcgyvezet\u0151 igazgat\u00f3 k\u00e9pviselte<\/p>\n<p><strong>Megjegyz\u00e9s az EU-s vitarendez\u00e9shez:<\/strong><br \/>\nAz Eur\u00f3pai Bizotts\u00e1g platformot biztos\u00edt az online vitarendez\u00e9shez: http:\/\/ec.europa.eu\/consumers\/odr<\/p>\n<p><strong>K\u00e9pek<\/strong><br \/>\nCopyright by Depositphotos<\/p>\n<p><strong>Jogi nyilatkozat<\/strong><\/p>\n<p>Felel\u0151ss\u00e9g a tartalom\u00e9rt<br \/>\nSzolg\u00e1ltat\u00f3k\u00e9nt a n\u00e9met telem\u00e9diat\u00f6rv\u00e9ny (TMG) 7. szakasz\u00e1nak 1. bekezd\u00e9se \u00e9rtelm\u00e9ben felel\u0151ss\u00e9ggel tartozunk az oldalakon megjelen\u0151 saj\u00e1t tartalmaink\u00e9rt. A TMG 8-10. \u00a7-ai szerint azonban mi, mint szolg\u00e1ltat\u00f3, nem vagyunk k\u00f6telesek ellen\u0151rizni a tov\u00e1bb\u00edtott vagy t\u00e1rolt harmadik f\u00e9lt\u0151l sz\u00e1rmaz\u00f3 inform\u00e1ci\u00f3kat, vagy kivizsg\u00e1lni az illeg\u00e1lis tev\u00e9kenys\u00e9gre utal\u00f3 k\u00f6r\u00fclm\u00e9nyeket. Az inform\u00e1ci\u00f3k elt\u00e1vol\u00edt\u00e1s\u00e1ra vagy felhaszn\u00e1l\u00e1s\u00e1nak blokkol\u00e1s\u00e1ra vonatkoz\u00f3 k\u00f6telezetts\u00e9gek az \u00e1ltal\u00e1nos t\u00f6rv\u00e9nyek szerint v\u00e1ltozatlanok maradnak. A felel\u0151ss\u00e9g azonban e tekintetben csak att\u00f3l az id\u0151pontt\u00f3l lehets\u00e9ges, amikor egy konkr\u00e9t jogs\u00e9rt\u00e9sr\u0151l tudom\u00e1st szerezt\u00fcnk. Amint tudom\u00e1st szerez\u00fcnk a t\u00f6rv\u00e9ny megs\u00e9rt\u00e9s\u00e9r\u0151l, azonnal elt\u00e1vol\u00edtjuk ezt a tartalmat.<\/p>\n<p>Felel\u0151ss\u00e9g a linkek\u00e9rt<br \/>\nAj\u00e1nlatunk k\u00fcls\u0151, k\u00fcls\u0151 weboldalakra mutat\u00f3 hivatkoz\u00e1sokat tartalmaz, amelyek tartalm\u00e1ra nincs befoly\u00e1sunk. Ez\u00e9rt nem tudunk felel\u0151ss\u00e9get v\u00e1llalni ez\u00e9rt a k\u00fcls\u0151 tartalom\u00e9rt. A hivatkozott oldalak tartalm\u00e1\u00e9rt minden esetben az oldalak megfelel\u0151 szolg\u00e1ltat\u00f3ja vagy \u00fczemeltet\u0151je felel\u0151s. A linkelt oldalakat a linkel\u00e9skor ellen\u0151rizt\u00fck, hogy nem t\u00f6rt\u00e9nt-e jogs\u00e9rt\u00e9s. Az illeg\u00e1lis tartalom a linkel\u00e9s id\u0151pontj\u00e1ban nem volt felismerhet\u0151. A hivatkozott oldalak tartalm\u00e1nak \u00e1lland\u00f3 ellen\u0151rz\u00e9se azonban nem \u00e9sszer\u0171 a jogs\u00e9rt\u00e9s konkr\u00e9t bizony\u00edt\u00e9ka n\u00e9lk\u00fcl. Amint tudom\u00e1st szerez\u00fcnk a jogs\u00e9rt\u00e9sekr\u0151l, azonnal elt\u00e1vol\u00edtjuk az ilyen hivatkoz\u00e1sokat.<\/p>\n<p>szerz\u0151i jog<br \/>\nAz oldalak \u00fczemeltet\u0151i \u00e1ltal l\u00e9trehozott tartalmakra \u00e9s m\u0171vekre a n\u00e9met szerz\u0151i jogi t\u00f6rv\u00e9nyek vonatkoznak. A sokszoros\u00edt\u00e1shoz, szerkeszt\u00e9shez, terjeszt\u00e9shez \u00e9s b\u00e1rmilyen, a szerz\u0151i jogok korl\u00e1tain k\u00edv\u00fcli felhaszn\u00e1l\u00e1shoz az adott szerz\u0151 vagy alkot\u00f3 \u00edr\u00e1sos hozz\u00e1j\u00e1rul\u00e1sa sz\u00fcks\u00e9ges. Az oldal let\u00f6lt\u00e9se \u00e9s m\u00e1solata csak mag\u00e1nc\u00e9l\u00fa, nem kereskedelmi c\u00e9lokra enged\u00e9lyezett. Amennyiben az oldalon tal\u00e1lhat\u00f3 tartalmat nem az \u00fczemeltet\u0151 hozta l\u00e9tre, harmadik felek szerz\u0151i jogait tiszteletben tartj\u00e1k. K\u00fcl\u00f6n\u00f6sen a harmadik felekt\u0151l sz\u00e1rmaz\u00f3 tartalmak vannak ilyenk\u00e9nt megjel\u00f6lve. Ha ennek ellen\u00e9re szerz\u0151i jogs\u00e9rt\u00e9sr\u0151l szerez tudom\u00e1st, k\u00e9rj\u00fck, hogy ennek megfelel\u0151en t\u00e1j\u00e9koztasson benn\u00fcnket. Amint tudom\u00e1st szerez\u00fcnk a jogs\u00e9rt\u00e9sekr\u0151l, azonnal elt\u00e1vol\u00edtjuk az ilyen tartalmat.<\/p>","protected":false},"excerpt":{"rendered":"<p>Institut f\u00fcr Qualit\u00e4t und Innovation in der h\u00e4uslichen Versorgung gGmbH (IQH) Paul-Langen-Str. 46 53229 Bonn vertreten durch den Gesch\u00e4ftsf\u00fchrer Frederic Seebohm (Kontakt: geschaeftsfuehrung@iqh-institut.de) Zust\u00e4ndige Aufsichtsbeh\u00f6rde: Finanzamt Saarb\u00fccken Angaben gem\u00e4\u00df \u00a7 5 TMG: Institut f\u00fcr Qualit\u00e4t und Innovation in der h\u00e4uslichen Versorgung gGmbH (IQH) Paul-Langen-Str. 46 53229 Bonn Vertreten durch: Frederic Seebohm Kontakt E-Mail: info@iqh-institut.de Registereintrag: [&hellip;]<\/p>","protected":false},"author":2,"featured_media":0,"parent":0,"menu_order":0,"comment_status":"closed","ping_status":"closed","template":"","meta":{"_et_pb_use_builder":"","_et_pb_old_content":"","_et_gb_content_width":""},"acf":[],"yoast_head":"<!-- This site is optimized with the Yoast SEO plugin v20.5 - https:\/\/yoast.com\/wordpress\/plugins\/seo\/ -->\n<title>Impressum - IQH Institut<\/title>\n<meta name=\"robots\" content=\"noindex, nofollow\" \/>\n<meta property=\"og:locale\" content=\"hu_HU\" \/>\n<meta property=\"og:type\" content=\"article\" \/>\n<meta property=\"og:title\" content=\"Impressum - IQH Institut\" \/>\n<meta property=\"og:description\" content=\"Institut f\u00fcr Qualit\u00e4t und Innovation in der h\u00e4uslichen Versorgung gGmbH (IQH) Paul-Langen-Str. 46 53229 Bonn vertreten durch den Gesch\u00e4ftsf\u00fchrer Frederic Seebohm (Kontakt: geschaeftsfuehrung@iqh-institut.de) Zust\u00e4ndige Aufsichtsbeh\u00f6rde: Finanzamt Saarb\u00fccken Angaben gem\u00e4\u00df \u00a7 5 TMG: Institut f\u00fcr Qualit\u00e4t und Innovation in der h\u00e4uslichen Versorgung gGmbH (IQH) Paul-Langen-Str. 46 53229 Bonn Vertreten durch: Frederic Seebohm Kontakt E-Mail: info@iqh-institut.de Registereintrag: [&hellip;]\" \/>\n<meta property=\"og:url\" content=\"https:\/\/www.iqh-institut.de\/hu\/impressum\/\" \/>\n<meta property=\"og:site_name\" content=\"IQH Institut\" \/>\n<meta property=\"article:modified_time\" content=\"2025-07-03T11:51:31+00:00\" \/>\n<meta name=\"twitter:card\" content=\"summary_large_image\" \/>\n<meta name=\"twitter:label1\" content=\"Est. reading time\" \/>\n\t<meta name=\"twitter:data1\" content=\"3 perc\" \/>\n<script type=\"application\/ld+json\" class=\"yoast-schema-graph\">{\"@context\":\"https:\/\/schema.org\",\"@graph\":[{\"@type\":\"WebPage\",\"@id\":\"https:\/\/www.iqh-institut.de\/impressum\/\",\"url\":\"https:\/\/www.iqh-institut.de\/impressum\/\",\"name\":\"Impressum - IQH Institut\",\"isPartOf\":{\"@id\":\"https:\/\/www.iqh-institut.de\/#website\"},\"datePublished\":\"2017-03-07T10:32:13+00:00\",\"dateModified\":\"2025-07-03T11:51:31+00:00\",\"breadcrumb\":{\"@id\":\"https:\/\/www.iqh-institut.de\/impressum\/#breadcrumb\"},\"inLanguage\":\"hu\",\"potentialAction\":[{\"@type\":\"ReadAction\",\"target\":[\"https:\/\/www.iqh-institut.de\/impressum\/\"]}]},{\"@type\":\"BreadcrumbList\",\"@id\":\"https:\/\/www.iqh-institut.de\/impressum\/#breadcrumb\",\"itemListElement\":[{\"@type\":\"ListItem\",\"position\":1,\"name\":\"Startseite\",\"item\":\"https:\/\/www.iqh-institut.de\/\"},{\"@type\":\"ListItem\",\"position\":2,\"name\":\"Impressum\"}]},{\"@type\":\"WebSite\",\"@id\":\"https:\/\/www.iqh-institut.de\/#website\",\"url\":\"https:\/\/www.iqh-institut.de\/\",\"name\":\"IQH Institut\",\"description\":\"Internationale Akademie f\u00fcr Betreuung und Pflege\",\"publisher\":{\"@id\":\"https:\/\/www.iqh-institut.de\/#organization\"},\"potentialAction\":[{\"@type\":\"SearchAction\",\"target\":{\"@type\":\"EntryPoint\",\"urlTemplate\":\"https:\/\/www.iqh-institut.de\/?s={search_term_string}\"},\"query-input\":\"required name=search_term_string\"}],\"inLanguage\":\"hu\"},{\"@type\":\"Organization\",\"@id\":\"https:\/\/www.iqh-institut.de\/#organization\",\"name\":\"IABP\",\"url\":\"https:\/\/www.iqh-institut.de\/\",\"logo\":{\"@type\":\"ImageObject\",\"inLanguage\":\"hu\",\"@id\":\"https:\/\/www.iqh-institut.de\/#\/schema\/logo\/image\/\",\"url\":\"https:\/\/www.iqh-institut.de\/wp-content\/uploads\/2017\/03\/logo-1.jpg\",\"contentUrl\":\"https:\/\/www.iqh-institut.de\/wp-content\/uploads\/2017\/03\/logo-1.jpg\",\"width\":1500,\"height\":1500,\"caption\":\"IABP\"},\"image\":{\"@id\":\"https:\/\/www.iqh-institut.de\/#\/schema\/logo\/image\/\"}}]}<\/script>\n<!-- \/ Yoast SEO plugin. -->","yoast_head_json":{"title":"Impresszum - IQH Int\u00e9zet","robots":{"index":"noindex","follow":"nofollow"},"og_locale":"hu_HU","og_type":"article","og_title":"Impressum - IQH Institut","og_description":"Institut f\u00fcr Qualit\u00e4t und Innovation in der h\u00e4uslichen Versorgung gGmbH (IQH) Paul-Langen-Str. 46 53229 Bonn vertreten durch den Gesch\u00e4ftsf\u00fchrer Frederic Seebohm (Kontakt: geschaeftsfuehrung@iqh-institut.de) Zust\u00e4ndige Aufsichtsbeh\u00f6rde: Finanzamt Saarb\u00fccken Angaben gem\u00e4\u00df \u00a7 5 TMG: Institut f\u00fcr Qualit\u00e4t und Innovation in der h\u00e4uslichen Versorgung gGmbH (IQH) Paul-Langen-Str. 46 53229 Bonn Vertreten durch: Frederic Seebohm Kontakt E-Mail: info@iqh-institut.de Registereintrag: [&hellip;]","og_url":"https:\/\/www.iqh-institut.de\/hu\/impressum\/","og_site_name":"IQH Institut","article_modified_time":"2025-07-03T11:51:31+00:00","twitter_card":"summary_large_image","twitter_misc":{"Est. reading time":"3 perc"},"schema":{"@context":"https:\/\/schema.org","@graph":[{"@type":"WebPage","@id":"https:\/\/www.iqh-institut.de\/impressum\/","url":"https:\/\/www.iqh-institut.de\/impressum\/","name":"Impresszum - IQH Int\u00e9zet","isPartOf":{"@id":"https:\/\/www.iqh-institut.de\/#website"},"datePublished":"2017-03-07T10:32:13+00:00","dateModified":"2025-07-03T11:51:31+00:00","breadcrumb":{"@id":"https:\/\/www.iqh-institut.de\/impressum\/#breadcrumb"},"inLanguage":"hu","potentialAction":[{"@type":"ReadAction","target":["https:\/\/www.iqh-institut.de\/impressum\/"]}]},{"@type":"BreadcrumbList","@id":"https:\/\/www.iqh-institut.de\/impressum\/#breadcrumb","itemListElement":[{"@type":"ListItem","position":1,"name":"Startseite","item":"https:\/\/www.iqh-institut.de\/"},{"@type":"ListItem","position":2,"name":"Impressum"}]},{"@type":"WebSite","@id":"https:\/\/www.iqh-institut.de\/#website","url":"https:\/\/www.iqh-institut.de\/","name":"IQH Int\u00e9zet","description":"Nemzetk\u00f6zi Gondoz\u00e1si \u00e9s \u00c1pol\u00e1si Akad\u00e9mia","publisher":{"@id":"https:\/\/www.iqh-institut.de\/#organization"},"potentialAction":[{"@type":"SearchAction","target":{"@type":"EntryPoint","urlTemplate":"https:\/\/www.iqh-institut.de\/?s={search_term_string}"},"query-input":"required name=search_term_string"}],"inLanguage":"hu"},{"@type":"Organization","@id":"https:\/\/www.iqh-institut.de\/#organization","name":"IABP","url":"https:\/\/www.iqh-institut.de\/","logo":{"@type":"ImageObject","inLanguage":"hu","@id":"https:\/\/www.iqh-institut.de\/#\/schema\/logo\/image\/","url":"https:\/\/www.iqh-institut.de\/wp-content\/uploads\/2017\/03\/logo-1.jpg","contentUrl":"https:\/\/www.iqh-institut.de\/wp-content\/uploads\/2017\/03\/logo-1.jpg","width":1500,"height":1500,"caption":"IABP"},"image":{"@id":"https:\/\/www.iqh-institut.de\/#\/schema\/logo\/image\/"}}]}},"lang":"de","translations":{"de":4},"_links":{"self":[{"href":"https:\/\/www.iqh-institut.de\/hu\/wp-json\/wp\/v2\/pages\/4"}],"collection":[{"href":"https:\/\/www.iqh-institut.de\/hu\/wp-json\/wp\/v2\/pages"}],"about":[{"href":"https:\/\/www.iqh-institut.de\/hu\/wp-json\/wp\/v2\/types\/page"}],"author":[{"embeddable":true,"href":"https:\/\/www.iqh-institut.de\/hu\/wp-json\/wp\/v2\/users\/2"}],"replies":[{"embeddable":true,"href":"https:\/\/www.iqh-institut.de\/hu\/wp-json\/wp\/v2\/comments?post=4"}],"version-history":[{"count":12,"href":"https:\/\/www.iqh-institut.de\/hu\/wp-json\/wp\/v2\/pages\/4\/revisions"}],"predecessor-version":[{"id":11860,"href":"https:\/\/www.iqh-institut.de\/hu\/wp-json\/wp\/v2\/pages\/4\/revisions\/11860"}],"wp:attachment":[{"href":"https:\/\/www.iqh-institut.de\/hu\/wp-json\/wp\/v2\/media?parent=4"}],"curies":[{"name":"wp","href":"https:\/\/api.w.org\/{rel}","templated":true}]}}